{"id":57305,"date":"2022-05-10T20:19:28","date_gmt":"2022-05-10T20:19:28","guid":{"rendered":"https:\/\/www.caq.edu.ec\/eventos-mint-ec\/"},"modified":"2023-04-18T23:08:13","modified_gmt":"2023-04-18T23:08:13","slug":"eventos-mint-ec","status":"publish","type":"page","link":"https:\/\/www.caq.edu.ec\/de\/proyectos-escolares\/mint\/eventos-mint-ec\/","title":{"rendered":"Veranstaltungen des MINT-EC-Netzwerkes"},"content":{"rendered":"<h3>MINT-EC Digitalforum<\/h3>\n<p>Magst du Wissenschaft? Programmierst du gerne? Entwirfst du gern Dinge? Dann haben wir genau das Richtige f\u00fcr dich. Das MINT-EC-Digitalforum. Du kannst nicht nur spannende Vortr\u00e4ge interessanter Speaker*innen anh\u00f6ren, sondern auch deine digitalen Skills in sehr interessante Konferenzen, Fachvortr\u00e4gen und Workshops vertiefen! Das Ziel ist n\u00e4mlich, dass du fit f\u00fcr deine digitale Zukunft bist und berufliche Perspektiven f\u00fcr deine Zeit hast. Du kannst neue Kompetenzen entwickeln, deine pers\u00f6nlichen Future Skills entdecken und Ideen mit anderen Menschen austauschen. Du bekommst auch f\u00fcnf Punkte f\u00fcr deiner MINT-EC-Zertifikat.\u00a0 Unter dem folgenden Link findest du einen Bericht von Dom\u00e9nica Hadweh und Mar\u00eda Caiza zu ihrer Erfahrung:<\/p>\n<p><a href=\"https:\/\/www.caq.edu.ec\/wp-content\/uploads\/2023\/04\/D_MINT-EC_Digitalforum.pdf\">D_MINT-EC_Digitalforum<\/a><\/p>\n<h3>MINT-EC Camp<\/h3>\n<p>Vom 25. bis zum 29. Januar 2020 fand eine MINT-EC-Akademie der Technischen Universit\u00e4t Aachen zum Thema \u201e<strong>C<\/strong>omputational\u00a0<strong>A<\/strong>nd\u00a0<strong>M<\/strong>athematical\u00a0<strong>M<\/strong>odeling\u00a0<strong>P<\/strong>rogram\u201c statt. Nicol\u00e1s Rakela Herrera aus der Klasse 11E hat an dieser Veranstaltung teilgenommen und dort ein Programm zur Patient-Raum-Zuordnung in einem Krankenhaus geschrieben.<\/p>\n<p><a href=\"https:\/\/www.caq.edu.ec\/wp-content\/uploads\/2023\/03\/210211_Bericht-MINT-Camp-2101_korr-fur-Homepage.pdf\" target=\"_blank\" rel=\"noopener noreferrer\">Bericht MINT-Camp_Nicol\u00e1s Rakela<\/a><\/p>\n<p>\u00a0<\/p>\n\n\n<figure class=\"wp-block-gallery has-nested-images columns-default is-cropped wp-block-gallery-1 is-layout-flex wp-block-gallery-is-layout-flex\">\n<figure class=\"wp-block-image size-large\"><img fetchpriority=\"high\" decoding=\"async\" width=\"390\" height=\"580\" data-id=\"59170\" src=\"https:\/\/www.caq.edu.ec\/wp-content\/uploads\/2023\/04\/210211_Nicolas-Herrera_11E.jpg\" alt=\"\" class=\"wp-image-59170\" srcset=\"https:\/\/www.caq.edu.ec\/wp-content\/uploads\/2023\/04\/210211_Nicolas-Herrera_11E.jpg 390w, https:\/\/www.caq.edu.ec\/wp-content\/uploads\/2023\/04\/210211_Nicolas-Herrera_11E-202x300.jpg 202w\" sizes=\"(max-width: 390px) 100vw, 390px\" \/><\/figure>\n\n\n\n<figure class=\"wp-block-image size-large\"><img decoding=\"async\" width=\"1024\" height=\"678\" data-id=\"59168\" src=\"https:\/\/www.caq.edu.ec\/wp-content\/uploads\/2023\/04\/210211_Foto_Krankenhausbetten-1024x678.jpg\" alt=\"\" class=\"wp-image-59168\" srcset=\"https:\/\/www.caq.edu.ec\/wp-content\/uploads\/2023\/04\/210211_Foto_Krankenhausbetten-1024x678.jpg 1024w, https:\/\/www.caq.edu.ec\/wp-content\/uploads\/2023\/04\/210211_Foto_Krankenhausbetten-300x199.jpg 300w, https:\/\/www.caq.edu.ec\/wp-content\/uploads\/2023\/04\/210211_Foto_Krankenhausbetten-768x508.jpg 768w, https:\/\/www.caq.edu.ec\/wp-content\/uploads\/2023\/04\/210211_Foto_Krankenhausbetten.jpg 1280w\" sizes=\"(max-width: 1024px) 100vw, 1024px\" \/><\/figure>\n<\/figure>\n","protected":false},"excerpt":{"rendered":"<p>MINT-EC Digitalforum Magst du Wissenschaft? Programmierst du gerne? Entwirfst du gern Dinge? Dann haben wir genau das Richtige f\u00fcr dich. Das MINT-EC-Digitalforum. Du kannst nicht nur spannende Vortr\u00e4ge interessanter Speaker*innen anh\u00f6ren, sondern auch deine digitalen Skills in sehr interessante Konferenzen, Fachvortr\u00e4gen und Workshops vertiefen! Das Ziel ist n\u00e4mlich, dass du fit f\u00fcr deine digitale Zukunft [&hellip;]<\/p>\n","protected":false},"author":6,"featured_media":0,"parent":57253,"menu_order":0,"comment_status":"closed","ping_status":"closed","template":"","meta":{"footnotes":""},"class_list":["post-57305","page","type-page","status-publish","hentry"],"yoast_head":"<!-- This site is optimized with the Yoast SEO plugin v27.4 - https:\/\/yoast.com\/product\/yoast-seo-wordpress\/ -->\n<title>Veranstaltungen des MINT-EC-Netzwerkes - Colegio Alem\u00e1n Quito<\/title>\n<meta name=\"robots\" content=\"index, follow, max-snippet:-1, max-image-preview:large, max-video-preview:-1\" \/>\n<link rel=\"canonical\" href=\"https:\/\/www.caq.edu.ec\/de\/proyectos-escolares\/mint\/eventos-mint-ec\/\" \/>\n<meta property=\"og:locale\" content=\"de_DE\" \/>\n<meta property=\"og:type\" content=\"article\" \/>\n<meta property=\"og:title\" content=\"Veranstaltungen des MINT-EC-Netzwerkes - Colegio Alem\u00e1n Quito\" \/>\n<meta property=\"og:description\" content=\"MINT-EC Digitalforum Magst du Wissenschaft? Programmierst du gerne? Entwirfst du gern Dinge? Dann haben wir genau das Richtige f\u00fcr dich. Das MINT-EC-Digitalforum. Du kannst nicht nur spannende Vortr\u00e4ge interessanter Speaker*innen anh\u00f6ren, sondern auch deine digitalen Skills in sehr interessante Konferenzen, Fachvortr\u00e4gen und Workshops vertiefen! Das Ziel ist n\u00e4mlich, dass du fit f\u00fcr deine digitale Zukunft [&hellip;]\" \/>\n<meta property=\"og:url\" content=\"https:\/\/www.caq.edu.ec\/de\/proyectos-escolares\/mint\/eventos-mint-ec\/\" \/>\n<meta property=\"og:site_name\" content=\"Colegio Alem\u00e1n Quito\" \/>\n<meta property=\"article:modified_time\" content=\"2023-04-18T23:08:13+00:00\" \/>\n<meta property=\"og:image\" content=\"https:\/\/www.caq.edu.ec\/wp-content\/uploads\/2023\/04\/210211_Nicolas-Herrera_11E.jpg\" \/>\n<meta name=\"twitter:card\" content=\"summary_large_image\" \/>\n<meta name=\"twitter:label1\" content=\"Gesch\u00e4tzte Lesezeit\" \/>\n\t<meta name=\"twitter:data1\" content=\"2\u00a0Minuten\" \/>\n<script type=\"application\/ld+json\" class=\"yoast-schema-graph\">{\"@context\":\"https:\\\/\\\/schema.org\",\"@graph\":[{\"@type\":\"WebPage\",\"@id\":\"https:\\\/\\\/www.caq.edu.ec\\\/de\\\/proyectos-escolares\\\/mint\\\/eventos-mint-ec\\\/\",\"url\":\"https:\\\/\\\/www.caq.edu.ec\\\/de\\\/proyectos-escolares\\\/mint\\\/eventos-mint-ec\\\/\",\"name\":\"Veranstaltungen des MINT-EC-Netzwerkes - Colegio Alem\u00e1n Quito\",\"isPartOf\":{\"@id\":\"https:\\\/\\\/www.caq.edu.ec\\\/#website\"},\"primaryImageOfPage\":{\"@id\":\"https:\\\/\\\/www.caq.edu.ec\\\/de\\\/proyectos-escolares\\\/mint\\\/eventos-mint-ec\\\/#primaryimage\"},\"image\":{\"@id\":\"https:\\\/\\\/www.caq.edu.ec\\\/de\\\/proyectos-escolares\\\/mint\\\/eventos-mint-ec\\\/#primaryimage\"},\"thumbnailUrl\":\"https:\\\/\\\/www.caq.edu.ec\\\/wp-content\\\/uploads\\\/2023\\\/04\\\/210211_Nicolas-Herrera_11E.jpg\",\"datePublished\":\"2022-05-10T20:19:28+00:00\",\"dateModified\":\"2023-04-18T23:08:13+00:00\",\"breadcrumb\":{\"@id\":\"https:\\\/\\\/www.caq.edu.ec\\\/de\\\/proyectos-escolares\\\/mint\\\/eventos-mint-ec\\\/#breadcrumb\"},\"inLanguage\":\"de\",\"potentialAction\":[{\"@type\":\"ReadAction\",\"target\":[\"https:\\\/\\\/www.caq.edu.ec\\\/de\\\/proyectos-escolares\\\/mint\\\/eventos-mint-ec\\\/\"]}]},{\"@type\":\"ImageObject\",\"inLanguage\":\"de\",\"@id\":\"https:\\\/\\\/www.caq.edu.ec\\\/de\\\/proyectos-escolares\\\/mint\\\/eventos-mint-ec\\\/#primaryimage\",\"url\":\"https:\\\/\\\/www.caq.edu.ec\\\/wp-content\\\/uploads\\\/2023\\\/04\\\/210211_Nicolas-Herrera_11E.jpg\",\"contentUrl\":\"https:\\\/\\\/www.caq.edu.ec\\\/wp-content\\\/uploads\\\/2023\\\/04\\\/210211_Nicolas-Herrera_11E.jpg\"},{\"@type\":\"BreadcrumbList\",\"@id\":\"https:\\\/\\\/www.caq.edu.ec\\\/de\\\/proyectos-escolares\\\/mint\\\/eventos-mint-ec\\\/#breadcrumb\",\"itemListElement\":[{\"@type\":\"ListItem\",\"position\":1,\"name\":\"Inicio\",\"item\":\"https:\\\/\\\/www.caq.edu.ec\\\/\"},{\"@type\":\"ListItem\",\"position\":2,\"name\":\"Schulprojekte\",\"item\":\"https:\\\/\\\/www.caq.edu.ec\\\/de\\\/proyectos-escolares\\\/\"},{\"@type\":\"ListItem\",\"position\":3,\"name\":\"MINT\",\"item\":\"https:\\\/\\\/www.caq.edu.ec\\\/de\\\/proyectos-escolares\\\/mint\\\/\"},{\"@type\":\"ListItem\",\"position\":4,\"name\":\"Veranstaltungen des MINT-EC-Netzwerkes\"}]},{\"@type\":\"WebSite\",\"@id\":\"https:\\\/\\\/www.caq.edu.ec\\\/#website\",\"url\":\"https:\\\/\\\/www.caq.edu.ec\\\/\",\"name\":\"Colegio Alem\u00e1n Quito\",\"description\":\"Una puerta al mundo\",\"potentialAction\":[{\"@type\":\"SearchAction\",\"target\":{\"@type\":\"EntryPoint\",\"urlTemplate\":\"https:\\\/\\\/www.caq.edu.ec\\\/?s={search_term_string}\"},\"query-input\":{\"@type\":\"PropertyValueSpecification\",\"valueRequired\":true,\"valueName\":\"search_term_string\"}}],\"inLanguage\":\"de\"}]}<\/script>\n<!-- \/ Yoast SEO plugin. -->","yoast_head_json":{"title":"Veranstaltungen des MINT-EC-Netzwerkes - Colegio Alem\u00e1n Quito","robots":{"index":"index","follow":"follow","max-snippet":"max-snippet:-1","max-image-preview":"max-image-preview:large","max-video-preview":"max-video-preview:-1"},"canonical":"https:\/\/www.caq.edu.ec\/de\/proyectos-escolares\/mint\/eventos-mint-ec\/","og_locale":"de_DE","og_type":"article","og_title":"Veranstaltungen des MINT-EC-Netzwerkes - Colegio Alem\u00e1n Quito","og_description":"MINT-EC Digitalforum Magst du Wissenschaft? Programmierst du gerne? Entwirfst du gern Dinge? Dann haben wir genau das Richtige f\u00fcr dich. Das MINT-EC-Digitalforum. Du kannst nicht nur spannende Vortr\u00e4ge interessanter Speaker*innen anh\u00f6ren, sondern auch deine digitalen Skills in sehr interessante Konferenzen, Fachvortr\u00e4gen und Workshops vertiefen! Das Ziel ist n\u00e4mlich, dass du fit f\u00fcr deine digitale Zukunft [&hellip;]","og_url":"https:\/\/www.caq.edu.ec\/de\/proyectos-escolares\/mint\/eventos-mint-ec\/","og_site_name":"Colegio Alem\u00e1n Quito","article_modified_time":"2023-04-18T23:08:13+00:00","og_image":[{"url":"https:\/\/www.caq.edu.ec\/wp-content\/uploads\/2023\/04\/210211_Nicolas-Herrera_11E.jpg","type":"","width":"","height":""}],"twitter_card":"summary_large_image","twitter_misc":{"Gesch\u00e4tzte Lesezeit":"2\u00a0Minuten"},"schema":{"@context":"https:\/\/schema.org","@graph":[{"@type":"WebPage","@id":"https:\/\/www.caq.edu.ec\/de\/proyectos-escolares\/mint\/eventos-mint-ec\/","url":"https:\/\/www.caq.edu.ec\/de\/proyectos-escolares\/mint\/eventos-mint-ec\/","name":"Veranstaltungen des MINT-EC-Netzwerkes - Colegio Alem\u00e1n Quito","isPartOf":{"@id":"https:\/\/www.caq.edu.ec\/#website"},"primaryImageOfPage":{"@id":"https:\/\/www.caq.edu.ec\/de\/proyectos-escolares\/mint\/eventos-mint-ec\/#primaryimage"},"image":{"@id":"https:\/\/www.caq.edu.ec\/de\/proyectos-escolares\/mint\/eventos-mint-ec\/#primaryimage"},"thumbnailUrl":"https:\/\/www.caq.edu.ec\/wp-content\/uploads\/2023\/04\/210211_Nicolas-Herrera_11E.jpg","datePublished":"2022-05-10T20:19:28+00:00","dateModified":"2023-04-18T23:08:13+00:00","breadcrumb":{"@id":"https:\/\/www.caq.edu.ec\/de\/proyectos-escolares\/mint\/eventos-mint-ec\/#breadcrumb"},"inLanguage":"de","potentialAction":[{"@type":"ReadAction","target":["https:\/\/www.caq.edu.ec\/de\/proyectos-escolares\/mint\/eventos-mint-ec\/"]}]},{"@type":"ImageObject","inLanguage":"de","@id":"https:\/\/www.caq.edu.ec\/de\/proyectos-escolares\/mint\/eventos-mint-ec\/#primaryimage","url":"https:\/\/www.caq.edu.ec\/wp-content\/uploads\/2023\/04\/210211_Nicolas-Herrera_11E.jpg","contentUrl":"https:\/\/www.caq.edu.ec\/wp-content\/uploads\/2023\/04\/210211_Nicolas-Herrera_11E.jpg"},{"@type":"BreadcrumbList","@id":"https:\/\/www.caq.edu.ec\/de\/proyectos-escolares\/mint\/eventos-mint-ec\/#breadcrumb","itemListElement":[{"@type":"ListItem","position":1,"name":"Inicio","item":"https:\/\/www.caq.edu.ec\/"},{"@type":"ListItem","position":2,"name":"Schulprojekte","item":"https:\/\/www.caq.edu.ec\/de\/proyectos-escolares\/"},{"@type":"ListItem","position":3,"name":"MINT","item":"https:\/\/www.caq.edu.ec\/de\/proyectos-escolares\/mint\/"},{"@type":"ListItem","position":4,"name":"Veranstaltungen des MINT-EC-Netzwerkes"}]},{"@type":"WebSite","@id":"https:\/\/www.caq.edu.ec\/#website","url":"https:\/\/www.caq.edu.ec\/","name":"Colegio Alem\u00e1n Quito","description":"Una puerta al mundo","potentialAction":[{"@type":"SearchAction","target":{"@type":"EntryPoint","urlTemplate":"https:\/\/www.caq.edu.ec\/?s={search_term_string}"},"query-input":{"@type":"PropertyValueSpecification","valueRequired":true,"valueName":"search_term_string"}}],"inLanguage":"de"}]}},"_links":{"self":[{"href":"https:\/\/www.caq.edu.ec\/de\/wp-json\/wp\/v2\/pages\/57305","targetHints":{"allow":["GET"]}}],"collection":[{"href":"https:\/\/www.caq.edu.ec\/de\/wp-json\/wp\/v2\/pages"}],"about":[{"href":"https:\/\/www.caq.edu.ec\/de\/wp-json\/wp\/v2\/types\/page"}],"author":[{"embeddable":true,"href":"https:\/\/www.caq.edu.ec\/de\/wp-json\/wp\/v2\/users\/6"}],"replies":[{"embeddable":true,"href":"https:\/\/www.caq.edu.ec\/de\/wp-json\/wp\/v2\/comments?post=57305"}],"version-history":[{"count":0,"href":"https:\/\/www.caq.edu.ec\/de\/wp-json\/wp\/v2\/pages\/57305\/revisions"}],"up":[{"embeddable":true,"href":"https:\/\/www.caq.edu.ec\/de\/wp-json\/wp\/v2\/pages\/57253"}],"wp:attachment":[{"href":"https:\/\/www.caq.edu.ec\/de\/wp-json\/wp\/v2\/media?parent=57305"}],"curies":[{"name":"wp","href":"https:\/\/api.w.org\/{rel}","templated":true}]}}