{"id":57209,"date":"2012-02-27T21:19:38","date_gmt":"2012-02-28T02:19:38","guid":{"rendered":"https:\/\/www.caq.edu.ec\/cafeteria\/"},"modified":"2026-08-12T11:04:29","modified_gmt":"2026-08-12T16:04:29","slug":"cafeteria","status":"publish","type":"page","link":"https:\/\/www.caq.edu.ec\/de\/areas-de-apoyo\/cafeteria\/","title":{"rendered":"Cafeteria"},"content":{"rendered":"\t\t<div data-elementor-type=\"wp-page\" data-elementor-id=\"57209\" class=\"elementor elementor-57209 elementor-57049\" data-elementor-post-type=\"page\">\n\t\t\t\t<div class=\"elementor-element elementor-element-44a93842 e-flex e-con-boxed e-con e-parent\" data-id=\"44a93842\" data-element_type=\"container\" data-e-type=\"container\">\n\t\t\t\t\t<div class=\"e-con-inner\">\n\t\t\t\t<div class=\"elementor-element elementor-element-22c2aae7 elementor-widget elementor-widget-text-editor\" data-id=\"22c2aae7\" data-element_type=\"widget\" data-e-type=\"widget\" data-widget_type=\"text-editor.default\">\n\t\t\t\t\t\t\t\t\t<h3 class=\"wp-block-heading\">La Colina del Chef <span data-olk-copy-source=\"MessageBody\">5439 S.A.S.<\/span><\/h3><p>Seit dem Schuljahr 2022\u20132023 arbeitet die DSQ mit La Colina del Chef als Betreiber der Cafeteria und des Verpflegungsservices zusammen. Das Angebot umfasst Snacks, Mittagessen und ein gastronomisches Konzept, das auf Qualit\u00e4t, ausgewogene Ern\u00e4hrung und einen hohen Servicestandard ausgerichtet ist.<\/p><p>Als Teil des Serviceangebots steht die La Colina del Chef-App f\u00fcr iOS (App Store) und Android (Google Play) zur Verf\u00fcgung. Mit der App k\u00f6nnen Sie Guthaben aufladen, Ihre Eink\u00e4ufe und Transaktionen einsehen und alles rund um die Verpflegung Ihres Kindes in der Schule verwalten.<br \/><u><\/u><\/p><h4><u><br \/><\/u>Ablauf des Verpflegungsservices<\/h4><div><p><span style=\"color: #000000;\" data-olk-copy-source=\"MessageBody\">Der Verpflegungsservice steht den Sch\u00fclerinnen und Sch\u00fclern des Kindergartens, der Primaria und der Sekundaria sowie allen Mitarbeitenden des CAQ zur Verf\u00fcgung.<\/span><\/p><p>Um den Service nutzen zu k\u00f6nnen, m\u00fcssen Eltern oder Erziehungsberechtigte:<\/p><p>&#8211; sich in der App registrieren,<\/p><p>&#8211; das Profil ihres Kindes bzw. ihrer Kinder anlegen,<\/p><p>&#8211; Guthaben aufladen,<\/p><\/div><div><p><span style=\"color: #000000;\">&#8211; Transaktionen und Konsumationen in Echtzeit einsehen.<\/span><\/p><p>Die Mitarbeitenden des CAQ registrieren sich nach demselben Verfahren.<\/p><p>La Colina del Chef gew\u00e4hrleistet die vertrauliche und datenschutzkonforme Verarbeitung aller in der App hinterlegten personenbezogenen Daten.<\/p><p>Bei der Essensausgabe k\u00f6nnen sich die Sch\u00fclerinnen und Sch\u00fcler mit ihrem Namen, ihrem Fingerabdruck oder ihrer Identifikationsnummer ausweisen. Voraussetzung hierf\u00fcr ist eine aktive Registrierung in der App sowie ausreichend Guthaben.<\/p><p>\u00a0<\/p><h4>Zur einfachen Nutzung der Plattform empfehlen wir folgende Unterlagen:<\/h4><p><u><a href=\"https:\/\/www.caq.edu.ec\/wp-content\/uploads\/2026\/08\/Manual-de-uso-Kindergarten-2026.pdf\" target=\"_blank\" rel=\"noopener\">Manual de uso Kindergarten 2026-27.pdf<\/a><br \/><a href=\"https:\/\/www.caq.edu.ec\/wp-content\/uploads\/2026\/08\/Manual-de-uso-App-Primaria-secundaria-y-colaboradores-2026.pdf.pdf\" target=\"_blank\" rel=\"noopener\">Manual de uso App Primaria, Secundaria y-colaboradores-2026.pdf<\/a><br \/><a href=\"https:\/\/www.caq.edu.ec\/wp-content\/uploads\/2026\/08\/Sugerencias-Recargas-2026.pdf\" target=\"_blank\" rel=\"noopener\">Sugerencias para hacer recargas en la App.pdf<\/a><br \/><a href=\"https:\/\/www.caq.edu.ec\/wp-content\/uploads\/2026\/08\/PREGUNTAS-FRECUENTES-CAQ-2026.pdf\" target=\"_blank\" rel=\"noopener\">Preguntas frecuentes<\/a><br \/><\/u><\/p><\/div><h4>\u00a0<\/h4><h4>Bankverbindungen zum Aufladen des Guthabens<\/h4><p>RUC: 1793208523001<br \/>RAZ\u00d3N SOCIAL: LA COLINA DEL CHEF 5439 S.A.S.<br \/>CORREO:\u00a0<a title=\"mailto:colina5439sas@lacolinadelchef.com.ec\" href=\"mailto:colina5439sas@lacolinadelchef.com.ec\" data-linkindex=\"0\">colina5439sas@lacolinadelchef.com.ec<\/a><br \/>CALLE JALIL AV. BRASIL OE344 Referencia: DIAGONAL A POLLO DE CAMPO<br \/>TELEFONO: 096 357 3508<\/p><p><strong>PRODUBANCO<\/strong><br \/>CUENTA CORRIENTE \u00a027059096611<br \/>CORREO:\u00a0<a title=\"mailto:colina5439sas@lacolinadelchef.com.ec\" href=\"mailto:colina5439sas@lacolinadelchef.com.ec\" data-linkindex=\"1\">colina5439sas@lacolinadelchef.com.ec<\/a><\/p><p><strong>INTERNACIONAL<\/strong><br \/>CUENTA CORRIENTE: 480608308<br \/>CORREO:\u00a0<a title=\"mailto:colina5439sas@lacolinadelchef.com.ec\" href=\"mailto:colina5439sas@lacolinadelchef.com.ec\" data-linkindex=\"2\">colina5439sas@lacolinadelchef.com.ec<\/a><\/p><p><strong>PICHINCHA<\/strong><br \/>CUENTA CORRIENTE: 2100331880<br \/>CORREO:\u00a0<a title=\"mailto:colina5439sas@lacolinadelchef.com.ec\" href=\"mailto:colina5439sas@lacolinadelchef.com.ec\" data-linkindex=\"3\">colina5439sas@lacolinadelchef.com.ec<\/a><\/p><h3>\u00a0<\/h3><h3 id=\"block-90b6a04d-d30d-4d50-bed8-c9f7bf1db5c7\" class=\"wp-block-heading\">Wichtige Information<\/h3><p>Im Rahmen unseres Engagements f\u00fcr Nachhaltigkeit arbeitet La Colina del Chef eng mit der Schulgemeinschaft zusammen. Wir verzichten weitgehend auf Einwegkunststoffe. Diese kommen ausschlie\u00dflich dann zum Einsatz, wenn die Art der Speisen dies erfordert. <strong>Der Gro\u00dfteil unserer Produkte wird in Mehrwegbeh\u00e4ltern ausgegeben, die t\u00e4glich eingesammelt, gereinigt, desinfiziert und anschlie\u00dfend wiederverwendet werden.<\/strong><\/p><p>An verschiedenen Stellen auf dem Schulgel\u00e4nde befinden sich entsprechend gekennzeichnete gelbe Sammelbeh\u00e4lter, in die die Mehrwegbeh\u00e4lter nach dem Essen zur\u00fcckgelegt werden m\u00fcssen.<\/p><p>\u00a0<\/p><h4 class=\"wp-block-heading\">Bei Fragen oder wenn Sie Unterst\u00fctzung ben\u00f6tigen, erreichen Sie uns unter:<\/h4><p><a href=\"mailto:comedor@caq.edu.ec\" target=\"_blank\" rel=\"noopener\">comedor@caq.edu.ec<\/a>;<\/p><p><a href=\"mailto:soporteapp@lacolinadelchef.com.ec\" target=\"_blank\" rel=\"noopener\">soporteapp@lacolinadelchef.com.ec<\/a>;<\/p><p>Celular: 0963514337.<\/p><div class=\"wp-block-buttons\"><div class=\"wp-block-button has-custom-width wp-block-button__width-25 has-custom-font-size has-medium-font-size\"><a class=\"wp-block-button__link has-white-color has-text-color has-background wp-element-button\" style=\"background-color: #00953b;\" href=\"https:\/\/wa.me\/593963514337\" target=\"_blank\" rel=\"noreferrer noopener\">WhatsApp<\/a><\/div><\/div>\t\t\t\t\t\t\t\t<\/div>\n\t\t\t\t\t<\/div>\n\t\t\t\t<\/div>\n\t\t\t\t<\/div>\n\t\t","protected":false},"excerpt":{"rendered":"<p>La Colina del Chef 5439 S.A.S. Seit dem Schuljahr 2022\u20132023 arbeitet die DSQ mit La Colina del Chef als Betreiber der Cafeteria und des Verpflegungsservices zusammen. Das Angebot umfasst Snacks, Mittagessen und ein gastronomisches Konzept, das auf Qualit\u00e4t, ausgewogene Ern\u00e4hrung und einen hohen Servicestandard ausgerichtet ist. Als Teil des Serviceangebots steht die La Colina del [&hellip;]<\/p>\n","protected":false},"author":6,"featured_media":0,"parent":57249,"menu_order":0,"comment_status":"closed","ping_status":"closed","template":"","meta":{"footnotes":""},"class_list":["post-57209","page","type-page","status-publish","hentry"],"yoast_head":"<!-- This site is optimized with the Yoast SEO plugin v28.3 - https:\/\/yoast.com\/product\/yoast-seo-wordpress\/ -->\n<title>Cafeteria - Colegio Alem\u00e1n Quito<\/title>\n<meta name=\"robots\" content=\"index, follow, max-snippet:-1, max-image-preview:large, max-video-preview:-1\" \/>\n<link rel=\"canonical\" href=\"https:\/\/www.caq.edu.ec\/de\/areas-de-apoyo\/cafeteria\/\" \/>\n<meta property=\"og:locale\" content=\"de_DE\" \/>\n<meta property=\"og:type\" content=\"article\" \/>\n<meta property=\"og:title\" content=\"Cafeteria - Colegio Alem\u00e1n Quito\" \/>\n<meta property=\"og:description\" content=\"La Colina del Chef 5439 S.A.S. Seit dem Schuljahr 2022\u20132023 arbeitet die DSQ mit La Colina del Chef als Betreiber der Cafeteria und des Verpflegungsservices zusammen. Das Angebot umfasst Snacks, Mittagessen und ein gastronomisches Konzept, das auf Qualit\u00e4t, ausgewogene Ern\u00e4hrung und einen hohen Servicestandard ausgerichtet ist. Als Teil des Serviceangebots steht die La Colina del [&hellip;]\" \/>\n<meta property=\"og:url\" content=\"https:\/\/www.caq.edu.ec\/de\/areas-de-apoyo\/cafeteria\/\" \/>\n<meta property=\"og:site_name\" content=\"Colegio Alem\u00e1n Quito\" \/>\n<meta property=\"article:modified_time\" content=\"2026-08-12T16:04:29+00:00\" \/>\n<meta name=\"twitter:card\" content=\"summary_large_image\" \/>\n<meta name=\"twitter:label1\" content=\"Gesch\u00e4tzte Lesezeit\" \/>\n\t<meta name=\"twitter:data1\" content=\"3\u00a0Minuten\" \/>\n<script type=\"application\/ld+json\" class=\"yoast-schema-graph\">{\"@context\":\"https:\\\/\\\/schema.org\",\"@graph\":[{\"@type\":\"WebPage\",\"@id\":\"https:\\\/\\\/www.caq.edu.ec\\\/de\\\/areas-de-apoyo\\\/cafeteria\\\/\",\"url\":\"https:\\\/\\\/www.caq.edu.ec\\\/de\\\/areas-de-apoyo\\\/cafeteria\\\/\",\"name\":\"Cafeteria - Colegio Alem\u00e1n Quito\",\"isPartOf\":{\"@id\":\"https:\\\/\\\/www.caq.edu.ec\\\/#website\"},\"datePublished\":\"2012-02-28T02:19:38+00:00\",\"dateModified\":\"2026-08-12T16:04:29+00:00\",\"breadcrumb\":{\"@id\":\"https:\\\/\\\/www.caq.edu.ec\\\/de\\\/areas-de-apoyo\\\/cafeteria\\\/#breadcrumb\"},\"inLanguage\":\"de\",\"potentialAction\":[{\"@type\":\"ReadAction\",\"target\":[\"https:\\\/\\\/www.caq.edu.ec\\\/de\\\/areas-de-apoyo\\\/cafeteria\\\/\"]}]},{\"@type\":\"BreadcrumbList\",\"@id\":\"https:\\\/\\\/www.caq.edu.ec\\\/de\\\/areas-de-apoyo\\\/cafeteria\\\/#breadcrumb\",\"itemListElement\":[{\"@type\":\"ListItem\",\"position\":1,\"name\":\"Inicio\",\"item\":\"https:\\\/\\\/www.caq.edu.ec\\\/\"},{\"@type\":\"ListItem\",\"position\":2,\"name\":\"Bereiche der Unterst\u00fctzung\",\"item\":\"https:\\\/\\\/www.caq.edu.ec\\\/de\\\/areas-de-apoyo\\\/\"},{\"@type\":\"ListItem\",\"position\":3,\"name\":\"Cafeteria\"}]},{\"@type\":\"WebSite\",\"@id\":\"https:\\\/\\\/www.caq.edu.ec\\\/#website\",\"url\":\"https:\\\/\\\/www.caq.edu.ec\\\/\",\"name\":\"Colegio Alem\u00e1n Quito\",\"description\":\"Una puerta al mundo\",\"publisher\":{\"@id\":\"https:\\\/\\\/www.caq.edu.ec\\\/#organization\"},\"potentialAction\":[{\"@type\":\"SearchAction\",\"target\":{\"@type\":\"EntryPoint\",\"urlTemplate\":\"https:\\\/\\\/www.caq.edu.ec\\\/?s={search_term_string}\"},\"query-input\":{\"@type\":\"PropertyValueSpecification\",\"valueRequired\":true,\"valueName\":\"search_term_string\"}}],\"inLanguage\":\"de\"},{\"@type\":\"Organization\",\"@id\":\"https:\\\/\\\/www.caq.edu.ec\\\/#organization\",\"name\":\"Colegio Alem\u00e1n Quito\",\"url\":\"https:\\\/\\\/www.caq.edu.ec\\\/\",\"logo\":{\"@type\":\"ImageObject\",\"inLanguage\":\"de\",\"@id\":\"https:\\\/\\\/www.caq.edu.ec\\\/#\\\/schema\\\/logo\\\/image\\\/\",\"url\":\"https:\\\/\\\/www.caq.edu.ec\\\/wp-content\\\/uploads\\\/2023\\\/03\\\/Logo-CAQ-Vertical-1-linea.svg\",\"contentUrl\":\"https:\\\/\\\/www.caq.edu.ec\\\/wp-content\\\/uploads\\\/2023\\\/03\\\/Logo-CAQ-Vertical-1-linea.svg\",\"caption\":\"Colegio Alem\u00e1n Quito\"},\"image\":{\"@id\":\"https:\\\/\\\/www.caq.edu.ec\\\/#\\\/schema\\\/logo\\\/image\\\/\"}}]}<\/script>\n<!-- \/ Yoast SEO plugin. -->","yoast_head_json":{"title":"Cafeteria - Colegio Alem\u00e1n Quito","robots":{"index":"index","follow":"follow","max-snippet":"max-snippet:-1","max-image-preview":"max-image-preview:large","max-video-preview":"max-video-preview:-1"},"canonical":"https:\/\/www.caq.edu.ec\/de\/areas-de-apoyo\/cafeteria\/","og_locale":"de_DE","og_type":"article","og_title":"Cafeteria - Colegio Alem\u00e1n Quito","og_description":"La Colina del Chef 5439 S.A.S. Seit dem Schuljahr 2022\u20132023 arbeitet die DSQ mit La Colina del Chef als Betreiber der Cafeteria und des Verpflegungsservices zusammen. Das Angebot umfasst Snacks, Mittagessen und ein gastronomisches Konzept, das auf Qualit\u00e4t, ausgewogene Ern\u00e4hrung und einen hohen Servicestandard ausgerichtet ist. Als Teil des Serviceangebots steht die La Colina del [&hellip;]","og_url":"https:\/\/www.caq.edu.ec\/de\/areas-de-apoyo\/cafeteria\/","og_site_name":"Colegio Alem\u00e1n Quito","article_modified_time":"2026-08-12T16:04:29+00:00","twitter_card":"summary_large_image","twitter_misc":{"Gesch\u00e4tzte Lesezeit":"3\u00a0Minuten"},"schema":{"@context":"https:\/\/schema.org","@graph":[{"@type":"WebPage","@id":"https:\/\/www.caq.edu.ec\/de\/areas-de-apoyo\/cafeteria\/","url":"https:\/\/www.caq.edu.ec\/de\/areas-de-apoyo\/cafeteria\/","name":"Cafeteria - Colegio Alem\u00e1n Quito","isPartOf":{"@id":"https:\/\/www.caq.edu.ec\/#website"},"datePublished":"2012-02-28T02:19:38+00:00","dateModified":"2026-08-12T16:04:29+00:00","breadcrumb":{"@id":"https:\/\/www.caq.edu.ec\/de\/areas-de-apoyo\/cafeteria\/#breadcrumb"},"inLanguage":"de","potentialAction":[{"@type":"ReadAction","target":["https:\/\/www.caq.edu.ec\/de\/areas-de-apoyo\/cafeteria\/"]}]},{"@type":"BreadcrumbList","@id":"https:\/\/www.caq.edu.ec\/de\/areas-de-apoyo\/cafeteria\/#breadcrumb","itemListElement":[{"@type":"ListItem","position":1,"name":"Inicio","item":"https:\/\/www.caq.edu.ec\/"},{"@type":"ListItem","position":2,"name":"Bereiche der Unterst\u00fctzung","item":"https:\/\/www.caq.edu.ec\/de\/areas-de-apoyo\/"},{"@type":"ListItem","position":3,"name":"Cafeteria"}]},{"@type":"WebSite","@id":"https:\/\/www.caq.edu.ec\/#website","url":"https:\/\/www.caq.edu.ec\/","name":"Colegio Alem\u00e1n Quito","description":"Una puerta al mundo","publisher":{"@id":"https:\/\/www.caq.edu.ec\/#organization"},"potentialAction":[{"@type":"SearchAction","target":{"@type":"EntryPoint","urlTemplate":"https:\/\/www.caq.edu.ec\/?s={search_term_string}"},"query-input":{"@type":"PropertyValueSpecification","valueRequired":true,"valueName":"search_term_string"}}],"inLanguage":"de"},{"@type":"Organization","@id":"https:\/\/www.caq.edu.ec\/#organization","name":"Colegio Alem\u00e1n Quito","url":"https:\/\/www.caq.edu.ec\/","logo":{"@type":"ImageObject","inLanguage":"de","@id":"https:\/\/www.caq.edu.ec\/#\/schema\/logo\/image\/","url":"https:\/\/www.caq.edu.ec\/wp-content\/uploads\/2023\/03\/Logo-CAQ-Vertical-1-linea.svg","contentUrl":"https:\/\/www.caq.edu.ec\/wp-content\/uploads\/2023\/03\/Logo-CAQ-Vertical-1-linea.svg","caption":"Colegio Alem\u00e1n Quito"},"image":{"@id":"https:\/\/www.caq.edu.ec\/#\/schema\/logo\/image\/"}}]}},"_links":{"self":[{"href":"https:\/\/www.caq.edu.ec\/de\/wp-json\/wp\/v2\/pages\/57209","targetHints":{"allow":["GET"]}}],"collection":[{"href":"https:\/\/www.caq.edu.ec\/de\/wp-json\/wp\/v2\/pages"}],"about":[{"href":"https:\/\/www.caq.edu.ec\/de\/wp-json\/wp\/v2\/types\/page"}],"author":[{"embeddable":true,"href":"https:\/\/www.caq.edu.ec\/de\/wp-json\/wp\/v2\/users\/6"}],"replies":[{"embeddable":true,"href":"https:\/\/www.caq.edu.ec\/de\/wp-json\/wp\/v2\/comments?post=57209"}],"version-history":[{"count":29,"href":"https:\/\/www.caq.edu.ec\/de\/wp-json\/wp\/v2\/pages\/57209\/revisions"}],"predecessor-version":[{"id":73522,"href":"https:\/\/www.caq.edu.ec\/de\/wp-json\/wp\/v2\/pages\/57209\/revisions\/73522"}],"up":[{"embeddable":true,"href":"https:\/\/www.caq.edu.ec\/de\/wp-json\/wp\/v2\/pages\/57249"}],"wp:attachment":[{"href":"https:\/\/www.caq.edu.ec\/de\/wp-json\/wp\/v2\/media?parent=57209"}],"curies":[{"name":"wp","href":"https:\/\/api.w.org\/{rel}","templated":true}]}}