{"id":57187,"date":"2011-10-22T16:33:29","date_gmt":"2011-10-22T21:33:29","guid":{"rendered":"https:\/\/www.caq.edu.ec\/asociacion-de-padres\/"},"modified":"2023-11-09T13:49:17","modified_gmt":"2023-11-09T18:49:17","slug":"asociacion-de-padres","status":"publish","type":"page","link":"https:\/\/www.caq.edu.ec\/de\/asociacion-de-padres\/","title":{"rendered":"Elternverein (APF)"},"content":{"rendered":"<p>Die Elternvertretung der Deutschen Schule Quito vertritt die Interessen aller Eltern in Zusammenarbeit mit den Autorit\u00e4ten der Schule. Ihr Ziel ist das Wohlergehen der Sch\u00fcler unter dem Schlagwort: KOMMUNIKATION \u2013 ZUSAMMENARBEIT\u00a0 UND WOHLERGEHEN<\/p>\n<h2>Vision:<\/h2>\n<p>Die APF ist ein Bindeglied zwischen Eltern und Schule, mit dem Ziel, die Beziehungen zwischen den verschiedenen Gremien der Schulgemeinschaft konstant zu verbessern, indem sie eine aktive Beteiligung aller am Schulleben Beteiligten einfordert.<\/p>\n<h2>Mision:<\/h2>\n<p>Die F\u00f6rderung einer besseren Kommunikation und Interaktion innerhalb der Schulgemeinschaft: Eltern, Autorit\u00e4ten, Angestellt, Lehrer und Sch\u00fcler. Gleichzeitig wirkt die APF als Sprecher f\u00fcr alle Beteiligten und sucht dabei eine Atmosph\u00e4re der Transparenz, Solidarit\u00e4t und Gleichheit sowie die Bereitschaft zu einer aktiven Beteiligung an den gemeinsam geplanten Aktivit\u00e4ten, die f\u00fcr alle Mitglieder der Schulgemeinschaft einen Gewinn darstellen sollen.<\/p>\n<p>Der Vorstand der Elternvertretung (2023-24) setzt sich aus folgende Mitgliedern zusammen:<\/p>\n<p class=\"x_MsoNormal\"><span lang=\"PT-BR\"><strong>Presidenta:<\/strong> Sr. Diego Cruz<\/span><\/p>\n<p class=\"x_MsoNormal\"><span lang=\"PT-BR\"><strong>Vicepresidente:\u00a0<\/strong> Sra. Patricia Loor<\/span><\/p>\n<p class=\"x_MsoNormal\"><span lang=\"ES\"><strong>Tesorera:<\/strong>\u00a0 Sra. Lili Villac\u00eds<\/span><\/p>\n<p class=\"x_MsoNormal\"><span lang=\"PT-BR\"><strong>Secretaria:<\/strong> Sra. M\u00f3nica Guti\u00e9rrez<\/span><\/p>\n<p class=\"x_MsoNormal\"><span lang=\"ES\"><strong>S\u00edndica:<\/strong>\u00a0Sra. Vanessa del Pozo<\/span><\/p>\n<div class=\"ugHd8hEKTmP3zNa_t33nm\">\n<table class=\"x_MsoNormalTable\" border=\"1\" width=\"595\" cellspacing=\"0\" cellpadding=\"0\">\n<tbody>\n<tr>\n<td valign=\"top\" width=\"217\">\n<p class=\"x_MsoNormal\" style=\"text-align: center;\"><strong><span lang=\"ES\">Dignidades<\/span><\/strong><\/p>\n<\/td>\n<td style=\"text-align: center;\" valign=\"top\" width=\"170\">\n<p class=\"x_MsoNormal\"><strong><span lang=\"ES\">Vocales Principales<\/span><\/strong><\/p>\n<\/td>\n<td valign=\"top\" width=\"208\">\n<p class=\"x_MsoNormal\" style=\"text-align: center;\"><strong><span lang=\"ES\">Vocales Suplentes<\/span><\/strong><\/p>\n<\/td>\n<\/tr>\n<tr>\n<td valign=\"top\" width=\"217\">\n<p class=\"x_MsoNormal\"><span lang=\"ES\">Vocal Inicial<\/span><\/p>\n<\/td>\n<td valign=\"top\" width=\"170\">\n<p class=\"x_MsoNormal\"><span lang=\"ES\">Darwin Criollo<\/span><\/p>\n<\/td>\n<td valign=\"top\" width=\"208\">\n<p class=\"x_MsoNormal\"><span lang=\"ES\">Valeria D\u00edaz<\/span><\/p>\n<\/td>\n<\/tr>\n<tr>\n<td valign=\"top\" width=\"217\">\n<p class=\"x_MsoNormal\"><span lang=\"ES\">Vo<\/span>cal Prekinder<\/p>\n<\/td>\n<td valign=\"top\" width=\"170\">\n<p class=\"x_MsoNormal\">Cristina Puente<\/p>\n<\/td>\n<td valign=\"top\" width=\"208\">\n<p class=\"x_MsoNormal\">Daniel Cede\u00f1o<\/p>\n<\/td>\n<\/tr>\n<tr>\n<td valign=\"top\" width=\"217\">\n<p class=\"x_MsoNormal\">Vocal Kindergarten<\/p>\n<\/td>\n<td valign=\"top\" width=\"170\">\n<p class=\"x_MsoNormal\">Ver\u00f3nica Y\u00e9pez<\/p>\n<\/td>\n<td valign=\"top\" width=\"208\">\n<p class=\"x_MsoNormal\">Andrea Angueta<\/p>\n<\/td>\n<\/tr>\n<tr>\n<td valign=\"top\" width=\"217\">\n<p class=\"x_MsoNormal\">Vocal Primaria 1-3 grados<\/p>\n<\/td>\n<td valign=\"top\" width=\"170\">\n<p class=\"x_MsoNormal\">Daniel G\u00f3mez<\/p>\n<\/td>\n<td valign=\"top\" width=\"208\">\n<p class=\"x_MsoNormal\">Mariela Moreno<\/p>\n<\/td>\n<\/tr>\n<tr>\n<td valign=\"top\" width=\"217\">\n<p class=\"x_MsoNormal\"><span lang=\"PT-BR\">Vocal Primaria 4-6 grados<\/span><\/p>\n<\/td>\n<td valign=\"top\" width=\"170\">\n<p class=\"x_MsoNormal\"><span lang=\"PT-BR\">Alexandra Rend\u00f3n<\/span><\/p>\n<\/td>\n<td valign=\"top\" width=\"208\">\n<p class=\"x_MsoNormal\"><span lang=\"PT-BR\">Alegr\u00eda Zambrano<\/span><\/p>\n<\/td>\n<\/tr>\n<tr>\n<td valign=\"top\" width=\"217\">\n<p class=\"x_MsoNormal\"><span lang=\"PT-BR\">Vocal Primaria Clases E 1-6\u00a0<\/span><\/p>\n<\/td>\n<td valign=\"top\" width=\"170\">\n<p class=\"x_MsoNormal\"><span lang=\"PT-BR\">Selene B\u00e1ez<\/span><\/p>\n<\/td>\n<td valign=\"top\" width=\"208\">\n<p class=\"x_MsoNormal\">\n<\/td>\n<\/tr>\n<tr>\n<td valign=\"top\" width=\"217\">\n<p class=\"x_MsoNormal\"><span lang=\"PT-BR\">Vocal Secundaria clases 7-9 A y B<\/span><\/p>\n<\/td>\n<td valign=\"top\" width=\"170\">\n<p class=\"x_MsoNormal\"><span lang=\"PT-BR\">Paulette Miranda<\/span><\/p>\n<\/td>\n<td valign=\"top\" width=\"208\">\n<p class=\"x_MsoNormal\"><span lang=\"PT-BR\">Alejandra Pereira<\/span><\/p>\n<\/td>\n<\/tr>\n<tr>\n<td valign=\"top\" width=\"217\">\n<p class=\"x_MsoNormal\"><span lang=\"ES\">Vocal Secundaria clases 7 -9 CDE<\/span><\/p>\n<\/td>\n<td valign=\"top\" width=\"170\">\n<p class=\"x_MsoNormal\">Germ\u00e1nico Larriva<\/p>\n<\/td>\n<td valign=\"top\" width=\"208\">\n<p class=\"x_MsoNormal\">Ana Mi\u00f1o<\/p>\n<\/td>\n<\/tr>\n<tr>\n<td valign=\"top\" width=\"217\">\n<p class=\"x_MsoNormal\"><span lang=\"ES\">Vocal Secundaria clases 10 &#8211; 12 A y B<\/span><\/p>\n<p>Vocal Decundaria clases 10 &#8211; 12 CDE<\/td>\n<td valign=\"top\" width=\"170\">\n<p class=\"x_MsoNormal\">Mar\u00eda Jos\u00e9 Punina<\/p>\n<p>Mar\u00eda de la Paz Villacr\u00e9s<\/td>\n<td valign=\"top\" width=\"208\">\n<p class=\"x_MsoNormal\">Adriana Ca\u00f1ar<\/p>\n<p>Andrea Ruiz<\/td>\n<\/tr>\n<\/tbody>\n<\/table>\n<\/div>\n<p>Luisa Vallecillo, B\u00fcroassistentin<br \/>\nAndr\u00e9s Tenorio, Buchhalter<\/p>\n<p>Webseite APF:\u00a0<a href=\"http:\/\/www.apfcaq.com\/\">www.apfcaq.com<\/a><a href=\"http:\/\/www.apfcaq.com\/\"><br \/>\n<\/a><\/p>\n<p>E-mail APF: <a href=\"mailto:info@apfcaq.com\">info@apfcaq.com<\/a><\/p>\n<h3>Formular Jahresbeitrag<\/h3>\n<p><a href=\"https:\/\/www.caq.edu.ec\/wp-content\/uploads\/2023\/06\/Orden_Debito_APF_2023-2024.pdf\" target=\"_blank\" rel=\"noopener\">Debito_APF_2023-2024.pdf<\/a><\/p>\n","protected":false},"excerpt":{"rendered":"<p>Die Elternvertretung der Deutschen Schule Quito vertritt die Interessen aller Eltern in Zusammenarbeit mit den Autorit\u00e4ten der Schule. Ihr Ziel ist das Wohlergehen der Sch\u00fcler unter dem Schlagwort: KOMMUNIKATION \u2013 ZUSAMMENARBEIT\u00a0 UND WOHLERGEHEN Vision: Die APF ist ein Bindeglied zwischen Eltern und Schule, mit dem Ziel, die Beziehungen zwischen den verschiedenen Gremien der Schulgemeinschaft konstant [&hellip;]<\/p>\n","protected":false},"author":6,"featured_media":0,"parent":0,"menu_order":0,"comment_status":"closed","ping_status":"closed","template":"","meta":{"footnotes":""},"class_list":["post-57187","page","type-page","status-publish","hentry"],"yoast_head":"<!-- This site is optimized with the Yoast SEO plugin v27.4 - https:\/\/yoast.com\/product\/yoast-seo-wordpress\/ -->\n<title>Elternverein (APF) - Colegio Alem\u00e1n Quito<\/title>\n<meta name=\"robots\" content=\"index, follow, max-snippet:-1, max-image-preview:large, max-video-preview:-1\" \/>\n<link rel=\"canonical\" href=\"https:\/\/www.caq.edu.ec\/de\/asociacion-de-padres\/\" \/>\n<meta property=\"og:locale\" content=\"de_DE\" \/>\n<meta property=\"og:type\" content=\"article\" \/>\n<meta property=\"og:title\" content=\"Elternverein (APF) - Colegio Alem\u00e1n Quito\" \/>\n<meta property=\"og:description\" content=\"Die Elternvertretung der Deutschen Schule Quito vertritt die Interessen aller Eltern in Zusammenarbeit mit den Autorit\u00e4ten der Schule. Ihr Ziel ist das Wohlergehen der Sch\u00fcler unter dem Schlagwort: KOMMUNIKATION \u2013 ZUSAMMENARBEIT\u00a0 UND WOHLERGEHEN Vision: Die APF ist ein Bindeglied zwischen Eltern und Schule, mit dem Ziel, die Beziehungen zwischen den verschiedenen Gremien der Schulgemeinschaft konstant [&hellip;]\" \/>\n<meta property=\"og:url\" content=\"https:\/\/www.caq.edu.ec\/de\/asociacion-de-padres\/\" \/>\n<meta property=\"og:site_name\" content=\"Colegio Alem\u00e1n Quito\" \/>\n<meta property=\"article:modified_time\" content=\"2023-11-09T18:49:17+00:00\" \/>\n<meta name=\"twitter:card\" content=\"summary_large_image\" \/>\n<meta name=\"twitter:label1\" content=\"Gesch\u00e4tzte Lesezeit\" \/>\n\t<meta name=\"twitter:data1\" content=\"2\u00a0Minuten\" \/>\n<script type=\"application\/ld+json\" class=\"yoast-schema-graph\">{\"@context\":\"https:\\\/\\\/schema.org\",\"@graph\":[{\"@type\":\"WebPage\",\"@id\":\"https:\\\/\\\/www.caq.edu.ec\\\/de\\\/asociacion-de-padres\\\/\",\"url\":\"https:\\\/\\\/www.caq.edu.ec\\\/de\\\/asociacion-de-padres\\\/\",\"name\":\"Elternverein (APF) - Colegio Alem\u00e1n Quito\",\"isPartOf\":{\"@id\":\"https:\\\/\\\/www.caq.edu.ec\\\/#website\"},\"datePublished\":\"2011-10-22T21:33:29+00:00\",\"dateModified\":\"2023-11-09T18:49:17+00:00\",\"breadcrumb\":{\"@id\":\"https:\\\/\\\/www.caq.edu.ec\\\/de\\\/asociacion-de-padres\\\/#breadcrumb\"},\"inLanguage\":\"de\",\"potentialAction\":[{\"@type\":\"ReadAction\",\"target\":[\"https:\\\/\\\/www.caq.edu.ec\\\/de\\\/asociacion-de-padres\\\/\"]}]},{\"@type\":\"BreadcrumbList\",\"@id\":\"https:\\\/\\\/www.caq.edu.ec\\\/de\\\/asociacion-de-padres\\\/#breadcrumb\",\"itemListElement\":[{\"@type\":\"ListItem\",\"position\":1,\"name\":\"Inicio\",\"item\":\"https:\\\/\\\/www.caq.edu.ec\\\/\"},{\"@type\":\"ListItem\",\"position\":2,\"name\":\"Elternverein (APF)\"}]},{\"@type\":\"WebSite\",\"@id\":\"https:\\\/\\\/www.caq.edu.ec\\\/#website\",\"url\":\"https:\\\/\\\/www.caq.edu.ec\\\/\",\"name\":\"Colegio Alem\u00e1n Quito\",\"description\":\"Una puerta al mundo\",\"potentialAction\":[{\"@type\":\"SearchAction\",\"target\":{\"@type\":\"EntryPoint\",\"urlTemplate\":\"https:\\\/\\\/www.caq.edu.ec\\\/?s={search_term_string}\"},\"query-input\":{\"@type\":\"PropertyValueSpecification\",\"valueRequired\":true,\"valueName\":\"search_term_string\"}}],\"inLanguage\":\"de\"}]}<\/script>\n<!-- \/ Yoast SEO plugin. -->","yoast_head_json":{"title":"Elternverein (APF) - Colegio Alem\u00e1n Quito","robots":{"index":"index","follow":"follow","max-snippet":"max-snippet:-1","max-image-preview":"max-image-preview:large","max-video-preview":"max-video-preview:-1"},"canonical":"https:\/\/www.caq.edu.ec\/de\/asociacion-de-padres\/","og_locale":"de_DE","og_type":"article","og_title":"Elternverein (APF) - Colegio Alem\u00e1n Quito","og_description":"Die Elternvertretung der Deutschen Schule Quito vertritt die Interessen aller Eltern in Zusammenarbeit mit den Autorit\u00e4ten der Schule. Ihr Ziel ist das Wohlergehen der Sch\u00fcler unter dem Schlagwort: KOMMUNIKATION \u2013 ZUSAMMENARBEIT\u00a0 UND WOHLERGEHEN Vision: Die APF ist ein Bindeglied zwischen Eltern und Schule, mit dem Ziel, die Beziehungen zwischen den verschiedenen Gremien der Schulgemeinschaft konstant [&hellip;]","og_url":"https:\/\/www.caq.edu.ec\/de\/asociacion-de-padres\/","og_site_name":"Colegio Alem\u00e1n Quito","article_modified_time":"2023-11-09T18:49:17+00:00","twitter_card":"summary_large_image","twitter_misc":{"Gesch\u00e4tzte Lesezeit":"2\u00a0Minuten"},"schema":{"@context":"https:\/\/schema.org","@graph":[{"@type":"WebPage","@id":"https:\/\/www.caq.edu.ec\/de\/asociacion-de-padres\/","url":"https:\/\/www.caq.edu.ec\/de\/asociacion-de-padres\/","name":"Elternverein (APF) - Colegio Alem\u00e1n Quito","isPartOf":{"@id":"https:\/\/www.caq.edu.ec\/#website"},"datePublished":"2011-10-22T21:33:29+00:00","dateModified":"2023-11-09T18:49:17+00:00","breadcrumb":{"@id":"https:\/\/www.caq.edu.ec\/de\/asociacion-de-padres\/#breadcrumb"},"inLanguage":"de","potentialAction":[{"@type":"ReadAction","target":["https:\/\/www.caq.edu.ec\/de\/asociacion-de-padres\/"]}]},{"@type":"BreadcrumbList","@id":"https:\/\/www.caq.edu.ec\/de\/asociacion-de-padres\/#breadcrumb","itemListElement":[{"@type":"ListItem","position":1,"name":"Inicio","item":"https:\/\/www.caq.edu.ec\/"},{"@type":"ListItem","position":2,"name":"Elternverein (APF)"}]},{"@type":"WebSite","@id":"https:\/\/www.caq.edu.ec\/#website","url":"https:\/\/www.caq.edu.ec\/","name":"Colegio Alem\u00e1n Quito","description":"Una puerta al mundo","potentialAction":[{"@type":"SearchAction","target":{"@type":"EntryPoint","urlTemplate":"https:\/\/www.caq.edu.ec\/?s={search_term_string}"},"query-input":{"@type":"PropertyValueSpecification","valueRequired":true,"valueName":"search_term_string"}}],"inLanguage":"de"}]}},"_links":{"self":[{"href":"https:\/\/www.caq.edu.ec\/de\/wp-json\/wp\/v2\/pages\/57187","targetHints":{"allow":["GET"]}}],"collection":[{"href":"https:\/\/www.caq.edu.ec\/de\/wp-json\/wp\/v2\/pages"}],"about":[{"href":"https:\/\/www.caq.edu.ec\/de\/wp-json\/wp\/v2\/types\/page"}],"author":[{"embeddable":true,"href":"https:\/\/www.caq.edu.ec\/de\/wp-json\/wp\/v2\/users\/6"}],"replies":[{"embeddable":true,"href":"https:\/\/www.caq.edu.ec\/de\/wp-json\/wp\/v2\/comments?post=57187"}],"version-history":[{"count":2,"href":"https:\/\/www.caq.edu.ec\/de\/wp-json\/wp\/v2\/pages\/57187\/revisions"}],"predecessor-version":[{"id":62759,"href":"https:\/\/www.caq.edu.ec\/de\/wp-json\/wp\/v2\/pages\/57187\/revisions\/62759"}],"wp:attachment":[{"href":"https:\/\/www.caq.edu.ec\/de\/wp-json\/wp\/v2\/media?parent=57187"}],"curies":[{"name":"wp","href":"https:\/\/api.w.org\/{rel}","templated":true}]}}